{"id":19,"date":"2013-07-15T16:17:38","date_gmt":"2013-07-15T14:17:38","guid":{"rendered":"http:\/\/www.wortwerkwittenberg.de\/wordpress\/?page_id=19"},"modified":"2024-12-19T08:55:17","modified_gmt":"2024-12-19T07:55:17","slug":"verein","status":"publish","type":"page","link":"http:\/\/www.wortwerkwittenberg.de\/wordpress\/ueberuns\/verein\/","title":{"rendered":"Der Verein"},"content":{"rendered":"<p><strong>Vereinsort<\/strong><\/p>\n<p>Lutherstadt Wittenberg<\/p>\n<p><strong>Satzung<\/strong><\/p>\n<p>Hier k\u00f6nnen Sie unsere\u00a0<a href=\"http:\/\/www.wortwerkwittenberg.de\/wordpress\/satzung-neu-230421\/\" target=\"_blank\" rel=\"noopener\">Satzung<\/a>\u00a0einsehen.<\/p>\n<p><strong>Vorstand<\/strong><\/p>\n<p>Prof. Dr. Hans-Joachim Solms<\/p>\n<p>Dr. J\u00f6rn Weinert<\/p>\n<p>Dr. Ulrich Wenner<\/p>\n<p>Michael Solf<\/p>\n<p style=\"text-align: right;\"><a title=\"Der Verein\" href=\"http:\/\/www.wortwerkwittenberg.de\/wordpress\/verein\/der-verein\/\">mehr&#8230;<\/a><\/p>\n<p><strong>Mitgliedschaft<\/strong><\/p>\n<p>Die Mitgliedschaft ist offen f\u00fcr alle, die Interesse an der deutschen Sprache haben und den Verein f\u00f6rdern wollen.<\/p>\n<p style=\"text-align: right;\"><a title=\"Mitgliedschaft\" href=\"http:\/\/www.wortwerkwittenberg.de\/wordpress\/verein\/mitgliedschaft\/\">mehr&#8230;<\/a><\/p>\n\n\n<h2 class=\"wp-block-heading alignwide\" id=\"we-re-a-studio-in-berlin-with-an-international-practice-in-architecture-urban-planning-and-interior-design-we-believe-in-sharing-knowledge-and-promoting-dialogue-to-increase-the-creative-potential-of-collaboration\" style=\"font-size:48px;line-height:1.1\">Mitgliederversammlung 2023<\/h2>\n\n\n\n<p>1. Als Aktivit\u00e4ten\/Ereignissen des nun zu Ende gehenden Jahres wurden benannt:<br>&#8211; Fortsetzung der erfolgreichen Mitmachausstellung (Escaperoom) \u2018Tat(w)ort 1522&#8242;: Die Ausstellung hatte der Verein gemeinsam mit den Luthergedenkst\u00e4tten Sachsen-Anhalt in 2022 erarbeitet, aufgrund der gro\u00dfz\u00fcgigen Beteiligung der Stiftung Deutsche Sprache (SDS) konnten wir zudem die h\u00e4lftige Finanzierung der Ausstellung (125t \u20ac) beisteuern. Die \u00f6ffentliche Resonanz ist mehr als erfreulich, es wurde reich in Zeitungen und auch Radio\/Fernsehen berichtet. Aufgrund der enormen Nachfrage u.a. von Schulen nicht nur aus Sachsen-Anhalt hatte die Stiftung Luthergedenkst\u00e4tten gebeten, die Ausstellung \u00fcber 7\/2023 hinaus zu verl\u00e4ngern. Wir haben einen entsprechenden Vertrag unterschrieben, so dass die Ausstellung nun mindestens bis 2024 (voraussichtlich sogar bis 2025) verl\u00e4ngert werden kann.<br>&#8211; Erstmals hatten wir in diesem Jahr ein Stipendium f\u00fcr ausgeschrieben, um die M\u00f6glichkeit zu bieten, dass jemand seine Qualifikationsarbeit (BA, MA, Dissertation) am ruhigen Ort der Leucorea und unter Nutzung unserer Forschungsbibliothek beginnen\/fortsetzen\/abschlie\u00dfen k\u00f6nne. Leistungen unsererseits: Stipendium \u00fcber 1200 \u20ac, freier Aufenthalt in einer Stipendiatenwohnung der Leucorea f\u00fcr 6 Wochen, Erstattung der Reisekosten bis 200 \u20ac. Die Mittel hatte uns die SDS gro\u00dfz\u00fcgig zur Verf\u00fcgung gestellt. Auf die Ausschreibung hin hatten wir 6 Bewerbungen (u.a. Oxford, Barcelona, Salzburg), das Stipendium hatten wir Frau Bell aus Salzburg zuerkannt. Sie hatte sich f\u00fcr das Thema \u2018Gro\u00df-\/Kleinschreibung im 19Jh. anhand von Patientenbriefen, Differenzierung hinsichtlich m\u00e4nnlicher\/weiblicher Schreiber\u2019 entschieden. Die Ergebnisse ihrer Untersuchung wird Frau Bell im Rahmen unserer Veranstaltung \u2018Redezeit\u2019 in einem Vortrag am 8.4.2024 in der Leucorea pr\u00e4sentieren. Gro\u00dfer Dank geb\u00fchrt Uli Wenner, der Frau Bell w\u00e4hrend ihres Aufenthaltes wunderbar betreut hat.<br>&#8211; Unsere regelm\u00e4\u00dfige Veranstaltung \u2018Redezeit\u2019 (jeweils 2. Montag eines neuen Quartals) hat nach den Einschr\u00e4nkungen der Coronazeit wieder stattgefunden. Berichte dar\u00fcber (einschlie\u00dflich Foto) hat J\u00f6rg B\u00f6nisch jeweils in den \u2018Sprachnachrichten\u2019 des VDS sehr sch\u00f6n platziert.<br>&#8211; Der Aufbau der \u2018Forschungsbibliothek deutsche Sprachgeschichte\u2019 ist vorangeschritten. Neue B\u00fccherspenden hatten wir von den Kollegen Wegera und Kohrt (beide Bonn) erhalten. Die Einarbeitung der Buchbest\u00e4nde hat Florian Gieseler sehr weit vorangetrieben, wir konnten ihn aufgrund der gro\u00dfz\u00fcgigen Unterst\u00fctzung durch die SDS als \u2018studentische Hilfskraft\u2019 besch\u00e4ftigen. Da die Unterst\u00fctzung auch f\u00fcr 2024 gesichert ist, wird uns Florian Gieseler auch im kommenden Jahr in sehr bew\u00e4hrter Weise unterst\u00fctzen.<br>&#8211; An der sehr erfolgreichen Ausstellung \u2018Wortreich Sachsen-Anhalt\u2019 (35.000 Besucher in 5 Wochen !!!), die die Regionalgruppe des VDS (u.a. besonders J\u00f6rg B\u00f6nisch) im Sommer in der Alten Residenz organisiert hatte, hatten wir uns im Vorfeld konzeptionell und redaktionell beteiligt.<br>&#8211; Zu erw\u00e4hnen sind nur mehrere Vortr\u00e4ge\/Pr\u00e4sentationen insbesondere von Uli Wenner, in denen er immer auch als Vertreter des WWW wahrgenommen wurde und uns entsprechend vertreten hat.<br>2. Kassenbericht: Der derzeitige Kassenbestand liegt bei ca. 6.000 \u20ac, der Kassenbestand zu Beginn des Jahres lag bei ca. 15.000 \u20ac. Die verausgabten Gelder ergeben sich insbesondere durch den Hilfskraftvertrag und das ausgegebene Stipendium. F\u00fcr das kommende Jahr hat die SDS wiederum eine finanzielle Unterst\u00fctzung von ca. 6.000 \u20ac zugesagt.<br>3. Die Kasse wurde gepr\u00fcft (J\u00f6rg B\u00f6hnisch) und f\u00fcr i.O befunden.<br>4. Es erfolgte die Entlastung des Vorstandes.<br>5. Nachdem Gerhard Meiser aus dem Vorstand ausgeschieden ist, hat Michael Solf (Wittenberg, Mitarbeiter am DWDS und vorher beim DWB an der BBAdW) seine Bereitschaft zu einer Mitarbeit erkl\u00e4rt, die Mitgliederversammlung hat ihn in den Vorstand gew\u00e4hlt.<br>6. J\u00f6rg B\u00f6nisch ist zum Rechnungspr\u00fcfer f\u00fcr das kommende Jahr gew\u00e4hlt.<br>7. Der Beitragssatz bleibt stabil bei 30 \u20ac. Hier nun die herzliche Bitte an alle Mitglieder, den Mitgliedsbeitrag jeweils im ersten Quartal zu \u00fcberweisen, wenn es bitte geht, mit einem Dauerauftrag!<br><br><br><\/p>\n","protected":false},"excerpt":{"rendered":"<p>Vereinsort Lutherstadt Wittenberg Satzung Hier k\u00f6nnen Sie unsere\u00a0Satzung\u00a0einsehen. Vorstand Prof. Dr. Hans-Joachim Solms Dr. J\u00f6rn Weinert Dr. Ulrich Wenner Michael Solf mehr&#8230; Mitgliedschaft Die Mitgliedschaft ist offen f\u00fcr alle, die Interesse an der deutschen Sprache haben und den Verein f\u00f6rdern wollen. mehr&#8230; Mitgliederversammlung 2023 1. Als Aktivit\u00e4ten\/Ereignissen des nun zu \u2026<\/p>\n<p class=\"continue-reading-button\"> <a class=\"continue-reading-link\" href=\"http:\/\/www.wortwerkwittenberg.de\/wordpress\/ueberuns\/verein\/\">Mehr lesen?<i class=\"crycon-right-dir\"><\/i><\/a><\/p>\n","protected":false},"author":1,"featured_media":0,"parent":2,"menu_order":0,"comment_status":"closed","ping_status":"closed","template":"","meta":{"footnotes":""},"class_list":["post-19","page","type-page","status-publish","hentry"],"_links":{"self":[{"href":"http:\/\/www.wortwerkwittenberg.de\/wordpress\/wp-json\/wp\/v2\/pages\/19","targetHints":{"allow":["GET"]}}],"collection":[{"href":"http:\/\/www.wortwerkwittenberg.de\/wordpress\/wp-json\/wp\/v2\/pages"}],"about":[{"href":"http:\/\/www.wortwerkwittenberg.de\/wordpress\/wp-json\/wp\/v2\/types\/page"}],"author":[{"embeddable":true,"href":"http:\/\/www.wortwerkwittenberg.de\/wordpress\/wp-json\/wp\/v2\/users\/1"}],"replies":[{"embeddable":true,"href":"http:\/\/www.wortwerkwittenberg.de\/wordpress\/wp-json\/wp\/v2\/comments?post=19"}],"version-history":[{"count":69,"href":"http:\/\/www.wortwerkwittenberg.de\/wordpress\/wp-json\/wp\/v2\/pages\/19\/revisions"}],"predecessor-version":[{"id":816,"href":"http:\/\/www.wortwerkwittenberg.de\/wordpress\/wp-json\/wp\/v2\/pages\/19\/revisions\/816"}],"up":[{"embeddable":true,"href":"http:\/\/www.wortwerkwittenberg.de\/wordpress\/wp-json\/wp\/v2\/pages\/2"}],"wp:attachment":[{"href":"http:\/\/www.wortwerkwittenberg.de\/wordpress\/wp-json\/wp\/v2\/media?parent=19"}],"curies":[{"name":"wp","href":"https:\/\/api.w.org\/{rel}","templated":true}]}}